{"id":3724,"date":"2023-08-24T14:47:08","date_gmt":"2023-08-24T13:47:08","guid":{"rendered":"https:\/\/bscdebrecen.com\/?page_id=3724"},"modified":"2023-12-06T11:35:26","modified_gmt":"2023-12-06T10:35:26","slug":"csr","status":"publish","type":"page","link":"https:\/\/bscdebrecen.com\/hu\/csr\/","title":{"rendered":"CSR"},"content":{"rendered":"\n<hr class=\"wp-block-separator has-alpha-channel-opacity is-style-wide\"\/>\n\n\n\t<div\n\t\tclass=\"wp-block-newspack-blocks-homepage-articles wpnbha show-image image-alignleft ts-4 is-3 is-landscape \"\n\t\tstyle=\"\"\n\t\t>\n\t\t<div data-posts data-current-post-id=\"3724\">\n\t\t\t\t\t\t\n\t<article data-post-id=\"4102\"\n\t\tclass=\"tag-2023 tag-csr tag-dbsc tag-dbsc-kerekasztal tag-dbsc-roundtable tag-debrecen tag-egyesulet-a-serult-emberekert tag-egyse tag-kerekasztal category-uncategorized type-post post-has-image\"\n\t\t\t\t>\n\t\t\t\t\t\t\t<figure class=\"post-thumbnail\">\n\t\t\t\t\t\t\t\t<a href=\"https:\/\/bscdebrecen.com\/hu\/2023\/12\/06\/a-debrecen-bsc-kerekasztal-szerepe-a-tarsadalmi-felelossegvallalasban\/\" rel=\"bookmark\" tabindex=\"-1\" aria-hidden=\"true\">\n\t\t\t\t\t\t\t\t\t\t\t\t<img loading=\"lazy\" decoding=\"async\" width=\"800\" height=\"600\" src=\"https:\/\/i0.wp.com\/bscdebrecen.com\/wp-content\/uploads\/2023\/12\/csr_sajto.jpg?resize=800%2C600&amp;ssl=1\" class=\"attachment-newspack-article-block-landscape-medium size-newspack-article-block-landscape-medium wp-post-image\" alt=\"A Debrecen BSC kerekasztal szerepe a t\u00e1rsadalmi felel\u0151ss\u00e9gv\u00e1llal\u00e1sban\u00a0\" data-hero-candidate=\"1\" srcset=\"https:\/\/i0.wp.com\/bscdebrecen.com\/wp-content\/uploads\/2023\/12\/csr_sajto.jpg?resize=800%2C600&amp;ssl=1 800w, https:\/\/i0.wp.com\/bscdebrecen.com\/wp-content\/uploads\/2023\/12\/csr_sajto.jpg?resize=600%2C450&amp;ssl=1 600w, https:\/\/i0.wp.com\/bscdebrecen.com\/wp-content\/uploads\/2023\/12\/csr_sajto.jpg?resize=400%2C300&amp;ssl=1 400w, https:\/\/i0.wp.com\/bscdebrecen.com\/wp-content\/uploads\/2023\/12\/csr_sajto.jpg?resize=200%2C150&amp;ssl=1 200w\" sizes=\"auto, (max-width: 750px) 100vw, 750px\" data-attachment-id=\"4104\" data-permalink=\"https:\/\/bscdebrecen.com\/hu\/2023\/12\/06\/a-debrecen-bsc-kerekasztal-szerepe-a-tarsadalmi-felelossegvallalasban\/csr_sajto\/\" data-orig-file=\"https:\/\/i0.wp.com\/bscdebrecen.com\/wp-content\/uploads\/2023\/12\/csr_sajto.jpg?fit=1280%2C720&amp;ssl=1\" data-orig-size=\"1280,720\" data-comments-opened=\"0\" data-image-meta=\"{&quot;aperture&quot;:&quot;0&quot;,&quot;credit&quot;:&quot;&quot;,&quot;camera&quot;:&quot;&quot;,&quot;caption&quot;:&quot;&quot;,&quot;created_timestamp&quot;:&quot;0&quot;,&quot;copyright&quot;:&quot;&quot;,&quot;focal_length&quot;:&quot;0&quot;,&quot;iso&quot;:&quot;0&quot;,&quot;shutter_speed&quot;:&quot;0&quot;,&quot;title&quot;:&quot;&quot;,&quot;orientation&quot;:&quot;0&quot;}\" data-image-title=\"csr_sajt\u00f3\" data-image-description=\"\" data-image-caption=\"\" data-large-file=\"https:\/\/i0.wp.com\/bscdebrecen.com\/wp-content\/uploads\/2023\/12\/csr_sajto.jpg?fit=750%2C422&amp;ssl=1\" \/>\t\t\t\t\t\t\t\t\t\t\t\t<\/a>\n\t\t\t\t\n\t\t\t\t\t\t\t<\/figure><!-- .featured-image -->\n\t\t\n\t\t<div class=\"entry-wrapper\">\n\t\t\t\t\t\t<h2 class=\"entry-title\"><a href=\"https:\/\/bscdebrecen.com\/hu\/2023\/12\/06\/a-debrecen-bsc-kerekasztal-szerepe-a-tarsadalmi-felelossegvallalasban\/\" rel=\"bookmark\">A Debrecen BSC kerekasztal szerepe a t\u00e1rsadalmi felel\u0151ss\u00e9gv\u00e1llal\u00e1sban\u00a0<\/a><\/h2>\t\t\t\t\t\t<p>A Debreceni BSC Kerekasztal tagv\u00e1llalatai az oktat\u00e1s mellett elk\u00f6telezettek a t\u00e1rsadalmi szerepv\u00e1llal\u00e1s ir\u00e1nt is. Az idei \u00e9v ilyen jelleg\u0171 programjak\u00e9nt az \u201eEgyes\u00fclet a S\u00e9r\u00fclt Emberek\u00e9rt\u201d szervezetre esett a Kerekasztal v\u00e1laszt\u00e1sa.<\/p>\n\t\t\t\t<div class=\"entry-meta\">\n\t\t\t\t\t<a href=\"https:\/\/bscdebrecen.com\/hu\/author\/debrecenbsc\/\"><img loading=\"lazy\" decoding=\"async\" alt=\"\" src=\"https:\/\/secure.gravatar.com\/avatar\/024817fdd9228b691ca0bf713b5c4d5e877311ce34ea67982ec941d3012c5407?s=48&amp;d=identicon&amp;r=g\" srcset=\"https:\/\/secure.gravatar.com\/avatar\/024817fdd9228b691ca0bf713b5c4d5e877311ce34ea67982ec941d3012c5407?s=96&amp;d=identicon&amp;r=g 2x\" class=\"avatar avatar-48 photo\" height=\"48\" width=\"48\" \/><\/a>\t\t\t\t\t\t<span class=\"byline\">\n\t\t\t\t\t\t\t<span class=\"author-prefix\">\u00e1ltal<\/span> <span class=\"author vcard\"><a class=\"url fn n\" href=\"https:\/\/bscdebrecen.com\/hu\/author\/debrecenbsc\/\">Business Service Centers Debrecen<\/a><\/span>\t\t\t\t\t\t<\/span><!-- .author-name -->\n\t\t\t\t\t\t<time class=\"entry-date published\" datetime=\"2023-12-06T11:33:39+01:00\">2023-12-06<\/time><time class=\"updated\" datetime=\"2023-12-06T11:33:41+01:00\">2023-12-06<\/time>\t\t\t\t<\/div><!-- .entry-meta -->\n\t\t\t\t\t\t\t\t<\/div><!-- .entry-wrapper -->\n\t<\/article>\n\n\t\t\n\t<article data-post-id=\"4095\"\n\t\tclass=\"tag-2023 tag-onkentes tag-csr tag-debrecen tag-debrecenbsc tag-dehir tag-egyesulet-a-serult-emberekert tag-egyse tag-nyito category-uncategorized type-post post-has-image\"\n\t\t\t\t>\n\t\t\t\t\t\t\t<figure class=\"post-thumbnail\">\n\t\t\t\t\t\t\t\t<a href=\"https:\/\/bscdebrecen.com\/hu\/2023\/09\/07\/iden-is-kiemelten-tamogat-egy-egyesuletet-a-debrecen-bsc-kerekasztal\/\" rel=\"bookmark\" tabindex=\"-1\" aria-hidden=\"true\">\n\t\t\t\t\t\t\t\t\t\t\t\t<img loading=\"lazy\" decoding=\"async\" width=\"800\" height=\"600\" src=\"https:\/\/i0.wp.com\/bscdebrecen.com\/wp-content\/uploads\/2023\/12\/EGYSE_Nyito.jpg?resize=800%2C600&amp;ssl=1\" class=\"attachment-newspack-article-block-landscape-medium size-newspack-article-block-landscape-medium wp-post-image\" alt=\"Id\u00e9n is kiemelten t\u00e1mogat egy egyes\u00fcletet a Debrecen BSC Kerekasztal\" data-hero-candidate=\"1\" srcset=\"https:\/\/i0.wp.com\/bscdebrecen.com\/wp-content\/uploads\/2023\/12\/EGYSE_Nyito.jpg?resize=800%2C600&amp;ssl=1 800w, https:\/\/i0.wp.com\/bscdebrecen.com\/wp-content\/uploads\/2023\/12\/EGYSE_Nyito.jpg?resize=600%2C450&amp;ssl=1 600w, https:\/\/i0.wp.com\/bscdebrecen.com\/wp-content\/uploads\/2023\/12\/EGYSE_Nyito.jpg?resize=400%2C300&amp;ssl=1 400w, https:\/\/i0.wp.com\/bscdebrecen.com\/wp-content\/uploads\/2023\/12\/EGYSE_Nyito.jpg?resize=200%2C150&amp;ssl=1 200w\" sizes=\"auto, (max-width: 750px) 100vw, 750px\" data-attachment-id=\"4098\" data-permalink=\"https:\/\/bscdebrecen.com\/hu\/2023\/09\/07\/iden-is-kiemelten-tamogat-egy-egyesuletet-a-debrecen-bsc-kerekasztal\/egyse_nyito\/\" data-orig-file=\"https:\/\/i0.wp.com\/bscdebrecen.com\/wp-content\/uploads\/2023\/12\/EGYSE_Nyito.jpg?fit=1280%2C720&amp;ssl=1\" data-orig-size=\"1280,720\" data-comments-opened=\"0\" data-image-meta=\"{&quot;aperture&quot;:&quot;0&quot;,&quot;credit&quot;:&quot;&quot;,&quot;camera&quot;:&quot;&quot;,&quot;caption&quot;:&quot;&quot;,&quot;created_timestamp&quot;:&quot;0&quot;,&quot;copyright&quot;:&quot;&quot;,&quot;focal_length&quot;:&quot;0&quot;,&quot;iso&quot;:&quot;0&quot;,&quot;shutter_speed&quot;:&quot;0&quot;,&quot;title&quot;:&quot;&quot;,&quot;orientation&quot;:&quot;0&quot;}\" data-image-title=\"EGYSE_Nyito\" data-image-description=\"\" data-image-caption=\"\" data-large-file=\"https:\/\/i0.wp.com\/bscdebrecen.com\/wp-content\/uploads\/2023\/12\/EGYSE_Nyito.jpg?fit=750%2C422&amp;ssl=1\" \/>\t\t\t\t\t\t\t\t\t\t\t\t<\/a>\n\t\t\t\t\n\t\t\t\t\t\t\t<\/figure><!-- .featured-image -->\n\t\t\n\t\t<div class=\"entry-wrapper\">\n\t\t\t\t\t\t<h2 class=\"entry-title\"><a href=\"https:\/\/bscdebrecen.com\/hu\/2023\/09\/07\/iden-is-kiemelten-tamogat-egy-egyesuletet-a-debrecen-bsc-kerekasztal\/\" rel=\"bookmark\">Id\u00e9n is kiemelten t\u00e1mogat egy egyes\u00fcletet a Debrecen BSC Kerekasztal<\/a><\/h2>\t\t\t\t\t\t<p>\u00c9vek \u00f3ta hagyom\u00e1ny ez a kerekasztaln\u00e1l, 2023-ban az Egyes\u00fclet a S\u00e9r\u00fclt Emberek\u00e9rt t\u00e1mogat\u00e1s\u00e1ra esett a v\u00e1laszt\u00e1suk.<\/p>\n\t\t\t\t<div class=\"entry-meta\">\n\t\t\t\t\t<a href=\"https:\/\/bscdebrecen.com\/hu\/author\/debrecenbsc\/\"><img loading=\"lazy\" decoding=\"async\" alt=\"\" src=\"https:\/\/secure.gravatar.com\/avatar\/024817fdd9228b691ca0bf713b5c4d5e877311ce34ea67982ec941d3012c5407?s=48&amp;d=identicon&amp;r=g\" srcset=\"https:\/\/secure.gravatar.com\/avatar\/024817fdd9228b691ca0bf713b5c4d5e877311ce34ea67982ec941d3012c5407?s=96&amp;d=identicon&amp;r=g 2x\" class=\"avatar avatar-48 photo\" height=\"48\" width=\"48\" \/><\/a>\t\t\t\t\t\t<span class=\"byline\">\n\t\t\t\t\t\t\t<span class=\"author-prefix\">\u00e1ltal<\/span> <span class=\"author vcard\"><a class=\"url fn n\" href=\"https:\/\/bscdebrecen.com\/hu\/author\/debrecenbsc\/\">Business Service Centers Debrecen<\/a><\/span>\t\t\t\t\t\t<\/span><!-- .author-name -->\n\t\t\t\t\t\t<time class=\"entry-date published\" datetime=\"2023-09-07T11:14:00+01:00\">2023-09-07<\/time><time class=\"updated\" datetime=\"2023-12-06T11:36:07+01:00\">2023-12-06<\/time>\t\t\t\t<\/div><!-- .entry-meta -->\n\t\t\t\t\t\t\t\t<\/div><!-- .entry-wrapper -->\n\t<\/article>\n\n\t\t\n\t<article data-post-id=\"3745\"\n\t\tclass=\"tag-onkentes tag-csr tag-debrecen tag-debrecenbsc tag-dehir tag-good-sports tag-hatranyos-helyzetu-gyermekek tag-tarsadalmi-felelossegvallalas category-uncategorized type-post post-has-image\"\n\t\t\t\t>\n\t\t\t\t\t\t\t<figure class=\"post-thumbnail\">\n\t\t\t\t\t\t\t\t<a href=\"https:\/\/bscdebrecen.com\/hu\/2023\/08\/24\/elmenyekkel-ajandekoztak-meg-hatranyos-helyzetu-gyermekeket-a-debrecen-bsc-kerekasztal-onkentesei\/\" rel=\"bookmark\" tabindex=\"-1\" aria-hidden=\"true\">\n\t\t\t\t\t\t\t\t\t\t\t\t<img loading=\"lazy\" decoding=\"async\" width=\"800\" height=\"600\" src=\"https:\/\/i0.wp.com\/bscdebrecen.com\/wp-content\/uploads\/2023\/08\/Pic_temp.png?resize=800%2C600&amp;ssl=1\" class=\"attachment-newspack-article-block-landscape-medium size-newspack-article-block-landscape-medium wp-post-image\" alt=\"\u00c9lm\u00e9nyekkel aj\u00e1nd\u00e9koztak meg h\u00e1tr\u00e1nyos helyzet\u0171 gyermekeket a Debrecen BSC Kerekasztal \u00f6nk\u00e9ntesei.\" data-hero-candidate=\"1\" srcset=\"https:\/\/i0.wp.com\/bscdebrecen.com\/wp-content\/uploads\/2023\/08\/Pic_temp.png?resize=800%2C600&amp;ssl=1 800w, https:\/\/i0.wp.com\/bscdebrecen.com\/wp-content\/uploads\/2023\/08\/Pic_temp.png?resize=400%2C300&amp;ssl=1 400w, https:\/\/i0.wp.com\/bscdebrecen.com\/wp-content\/uploads\/2023\/08\/Pic_temp.png?resize=200%2C150&amp;ssl=1 200w\" sizes=\"auto, (max-width: 750px) 100vw, 750px\" data-attachment-id=\"3748\" data-permalink=\"https:\/\/bscdebrecen.com\/hu\/2023\/08\/24\/elmenyekkel-ajandekoztak-meg-hatranyos-helyzetu-gyermekeket-a-debrecen-bsc-kerekasztal-onkentesei\/pic_temp-2\/\" data-orig-file=\"https:\/\/i0.wp.com\/bscdebrecen.com\/wp-content\/uploads\/2023\/08\/Pic_temp.png?fit=1280%2C720&amp;ssl=1\" data-orig-size=\"1280,720\" data-comments-opened=\"0\" data-image-meta=\"{&quot;aperture&quot;:&quot;0&quot;,&quot;credit&quot;:&quot;&quot;,&quot;camera&quot;:&quot;&quot;,&quot;caption&quot;:&quot;&quot;,&quot;created_timestamp&quot;:&quot;0&quot;,&quot;copyright&quot;:&quot;&quot;,&quot;focal_length&quot;:&quot;0&quot;,&quot;iso&quot;:&quot;0&quot;,&quot;shutter_speed&quot;:&quot;0&quot;,&quot;title&quot;:&quot;&quot;,&quot;orientation&quot;:&quot;0&quot;}\" data-image-title=\"Pic_temp\" data-image-description=\"\" data-image-caption=\"\" data-large-file=\"https:\/\/i0.wp.com\/bscdebrecen.com\/wp-content\/uploads\/2023\/08\/Pic_temp.png?fit=750%2C422&amp;ssl=1\" \/>\t\t\t\t\t\t\t\t\t\t\t\t<\/a>\n\t\t\t\t\n\t\t\t\t\t\t\t<\/figure><!-- .featured-image -->\n\t\t\n\t\t<div class=\"entry-wrapper\">\n\t\t\t\t\t\t<h2 class=\"entry-title\"><a href=\"https:\/\/bscdebrecen.com\/hu\/2023\/08\/24\/elmenyekkel-ajandekoztak-meg-hatranyos-helyzetu-gyermekeket-a-debrecen-bsc-kerekasztal-onkentesei\/\" rel=\"bookmark\">\u00c9lm\u00e9nyekkel aj\u00e1nd\u00e9koztak meg h\u00e1tr\u00e1nyos helyzet\u0171 gyermekeket a Debrecen BSC Kerekasztal \u00f6nk\u00e9ntesei.<\/a><\/h2>\t\t\t\t\t\t<p>Az egy\u00fcttm\u0171k\u00f6d\u00e9st alkot\u00f3 t\u00edz c\u00e9g (4iG, British Telecommunications, Cosmo Consult, Deutsche Telekom IT Solutions, Diehl Aviation, EPAM, Flowserve, NI, transcosmos, UCC) munkat\u00e1rsai a Good Sports Alap\u00edtv\u00e1nnyal egy\u00fcttm\u0171k\u00f6dve gyermeknapi programot szerveztek a k\u00f6rnyez\u0151 telep\u00fcl\u00e9seken tal\u00e1lhat\u00f3 csal\u00e1dotthonokban \u00e9l\u0151 \u00f6tven h\u00e1tr\u00e1nyos helyzet\u0171 gyermek sz\u00e1m\u00e1ra.<\/p>\n\t\t\t\t<div class=\"entry-meta\">\n\t\t\t\t\t<a href=\"https:\/\/bscdebrecen.com\/hu\/author\/debrecenbsc\/\"><img loading=\"lazy\" decoding=\"async\" alt=\"\" src=\"https:\/\/secure.gravatar.com\/avatar\/024817fdd9228b691ca0bf713b5c4d5e877311ce34ea67982ec941d3012c5407?s=48&amp;d=identicon&amp;r=g\" srcset=\"https:\/\/secure.gravatar.com\/avatar\/024817fdd9228b691ca0bf713b5c4d5e877311ce34ea67982ec941d3012c5407?s=96&amp;d=identicon&amp;r=g 2x\" class=\"avatar avatar-48 photo\" height=\"48\" width=\"48\" \/><\/a>\t\t\t\t\t\t<span class=\"byline\">\n\t\t\t\t\t\t\t<span class=\"author-prefix\">\u00e1ltal<\/span> <span class=\"author vcard\"><a class=\"url fn n\" href=\"https:\/\/bscdebrecen.com\/hu\/author\/debrecenbsc\/\">Business Service Centers Debrecen<\/a><\/span>\t\t\t\t\t\t<\/span><!-- .author-name -->\n\t\t\t\t\t\t<time class=\"entry-date published\" datetime=\"2023-08-24T14:41:42+01:00\">2023-08-24<\/time><time class=\"updated\" datetime=\"2023-08-24T14:46:59+01:00\">2023-08-24<\/time>\t\t\t\t<\/div><!-- .entry-meta -->\n\t\t\t\t\t\t\t\t<\/div><!-- .entry-wrapper -->\n\t<\/article>\n\n\t\t\n\t<article data-post-id=\"3116\"\n\t\tclass=\"tag-onkentes tag-uzleti-szolgaltato-szektor tag-csr tag-dbsc tag-dbsc-kerekasztal tag-debrecen tag-debrecenbsc tag-lathatatlan-iskola tag-mentor tag-tarsadalmi-felelossegvallalas category-uncategorized type-post post-has-image\"\n\t\t\t\t>\n\t\t\t\t\t\t\t<figure class=\"post-thumbnail\">\n\t\t\t\t\t\t\t\t<a href=\"https:\/\/bscdebrecen.com\/hu\/2022\/08\/30\/hatranyos-helyzetu-gyermekekkel-taboroztak-a-bsc-kerekasztal-onkentesei\/\" rel=\"bookmark\" tabindex=\"-1\" aria-hidden=\"true\">\n\t\t\t\t\t\t\t\t\t\t\t\t<img loading=\"lazy\" decoding=\"async\" width=\"800\" height=\"600\" src=\"https:\/\/i0.wp.com\/bscdebrecen.com\/wp-content\/uploads\/2022\/08\/lathatatlan-iskola.jpg?resize=800%2C600&amp;ssl=1\" class=\"attachment-newspack-article-block-landscape-medium size-newspack-article-block-landscape-medium wp-post-image\" alt=\"H\u00e1tr\u00e1nyos helyzet\u0171 gyermekekkel t\u00e1boroztak a BSC Kerekasztal \u00f6nk\u00e9ntesei.&nbsp;\" data-hero-candidate=\"1\" srcset=\"https:\/\/i0.wp.com\/bscdebrecen.com\/wp-content\/uploads\/2022\/08\/lathatatlan-iskola.jpg?resize=800%2C600&amp;ssl=1 800w, https:\/\/i0.wp.com\/bscdebrecen.com\/wp-content\/uploads\/2022\/08\/lathatatlan-iskola.jpg?resize=400%2C300&amp;ssl=1 400w, https:\/\/i0.wp.com\/bscdebrecen.com\/wp-content\/uploads\/2022\/08\/lathatatlan-iskola.jpg?resize=200%2C150&amp;ssl=1 200w\" sizes=\"auto, (max-width: 750px) 100vw, 750px\" data-attachment-id=\"3119\" data-permalink=\"https:\/\/bscdebrecen.com\/hu\/2022\/08\/30\/hatranyos-helyzetu-gyermekekkel-taboroztak-a-bsc-kerekasztal-onkentesei\/lathatatlan-iskola-2\/\" data-orig-file=\"https:\/\/i0.wp.com\/bscdebrecen.com\/wp-content\/uploads\/2022\/08\/lathatatlan-iskola.jpg?fit=1280%2C720&amp;ssl=1\" data-orig-size=\"1280,720\" data-comments-opened=\"1\" data-image-meta=\"{&quot;aperture&quot;:&quot;0&quot;,&quot;credit&quot;:&quot;&quot;,&quot;camera&quot;:&quot;&quot;,&quot;caption&quot;:&quot;&quot;,&quot;created_timestamp&quot;:&quot;0&quot;,&quot;copyright&quot;:&quot;&quot;,&quot;focal_length&quot;:&quot;0&quot;,&quot;iso&quot;:&quot;0&quot;,&quot;shutter_speed&quot;:&quot;0&quot;,&quot;title&quot;:&quot;&quot;,&quot;orientation&quot;:&quot;0&quot;}\" data-image-title=\"l\u00e1thatatlan iskola\" data-image-description=\"\" data-image-caption=\"\" data-large-file=\"https:\/\/i0.wp.com\/bscdebrecen.com\/wp-content\/uploads\/2022\/08\/lathatatlan-iskola.jpg?fit=750%2C422&amp;ssl=1\" \/>\t\t\t\t\t\t\t\t\t\t\t\t<\/a>\n\t\t\t\t\n\t\t\t\t\t\t\t<\/figure><!-- .featured-image -->\n\t\t\n\t\t<div class=\"entry-wrapper\">\n\t\t\t\t\t\t<h2 class=\"entry-title\"><a href=\"https:\/\/bscdebrecen.com\/hu\/2022\/08\/30\/hatranyos-helyzetu-gyermekekkel-taboroztak-a-bsc-kerekasztal-onkentesei\/\" rel=\"bookmark\">H\u00e1tr\u00e1nyos helyzet\u0171 gyermekekkel t\u00e1boroztak a BSC Kerekasztal \u00f6nk\u00e9ntesei.&nbsp;<\/a><\/h2>\t\t\t\t\t\t<p>A Kerekasztalt alkot\u00f3 10 c\u00e9g munkat\u00e1rsai id\u00e9n \u00e1prilisban csatlakoztak a L\u00e1thatatlan Iskola Alap\u00edtv\u00e1ny mentorprogramj\u00e1hoz, melynek keret\u00e9ben h\u00e1tr\u00e1nyos helyzet\u0171, tanulni v\u00e1gy\u00f3 gyermekeket t\u00e1mogattak tanulm\u00e1nyaikban.\u00a0<\/p>\n\t\t\t\t<div class=\"entry-meta\">\n\t\t\t\t\t<a href=\"https:\/\/bscdebrecen.com\/hu\/author\/debrecenbsc\/\"><img loading=\"lazy\" decoding=\"async\" alt=\"\" src=\"https:\/\/secure.gravatar.com\/avatar\/024817fdd9228b691ca0bf713b5c4d5e877311ce34ea67982ec941d3012c5407?s=48&amp;d=identicon&amp;r=g\" srcset=\"https:\/\/secure.gravatar.com\/avatar\/024817fdd9228b691ca0bf713b5c4d5e877311ce34ea67982ec941d3012c5407?s=96&amp;d=identicon&amp;r=g 2x\" class=\"avatar avatar-48 photo\" height=\"48\" width=\"48\" \/><\/a>\t\t\t\t\t\t<span class=\"byline\">\n\t\t\t\t\t\t\t<span class=\"author-prefix\">\u00e1ltal<\/span> <span class=\"author vcard\"><a class=\"url fn n\" href=\"https:\/\/bscdebrecen.com\/hu\/author\/debrecenbsc\/\">Business Service Centers Debrecen<\/a><\/span>\t\t\t\t\t\t<\/span><!-- .author-name -->\n\t\t\t\t\t\t<time class=\"entry-date published\" datetime=\"2022-08-30T08:32:21+01:00\">2022-08-30<\/time><time class=\"updated\" datetime=\"2022-08-30T08:32:22+01:00\">2022-08-30<\/time>\t\t\t\t<\/div><!-- .entry-meta -->\n\t\t\t\t\t\t\t\t<\/div><!-- .entry-wrapper -->\n\t<\/article>\n\n\t\t\n\t<article data-post-id=\"2973\"\n\t\tclass=\"tag-uzleti-szolgaltato-szektor tag-csr tag-dbsc tag-dbsc-kerekasztal tag-dbsc-roundtable tag-debrecen tag-debrecenbsc tag-lathatatlan-iskola tag-mentoralas tag-tarsadalmi-felelossegvallalas category-uncategorized type-post post-has-image\"\n\t\t\t\t>\n\t\t\t\t\t\t\t<figure class=\"post-thumbnail\">\n\t\t\t\t\t\t\t\t<a href=\"https:\/\/bscdebrecen.com\/hu\/2022\/04\/26\/egyuttmukodes-a-lathatatlan-iskolaval-az-elso-tarsadalmi-felelossegvallalasi-projektunk-2022-ben\/\" rel=\"bookmark\" tabindex=\"-1\" aria-hidden=\"true\">\n\t\t\t\t\t\t\t\t\t\t\t\t<img loading=\"lazy\" decoding=\"async\" width=\"800\" height=\"600\" src=\"https:\/\/i0.wp.com\/bscdebrecen.com\/wp-content\/uploads\/2022\/04\/lathatatlan-iskola.jpg?resize=800%2C600&amp;ssl=1\" class=\"attachment-newspack-article-block-landscape-medium size-newspack-article-block-landscape-medium wp-post-image\" alt=\"Egy\u00fcttm\u0171k\u00f6d\u00e9s a L\u00e1thatatlan Iskol\u00e1val &#8211; Az els\u0151 t\u00e1rsadalmi felel\u0151ss\u00e9gv\u00e1llal\u00e1si projekt\u00fcnk 2022-ben\" data-hero-candidate=\"1\" srcset=\"https:\/\/i0.wp.com\/bscdebrecen.com\/wp-content\/uploads\/2022\/04\/lathatatlan-iskola.jpg?resize=800%2C600&amp;ssl=1 800w, https:\/\/i0.wp.com\/bscdebrecen.com\/wp-content\/uploads\/2022\/04\/lathatatlan-iskola.jpg?resize=400%2C300&amp;ssl=1 400w, https:\/\/i0.wp.com\/bscdebrecen.com\/wp-content\/uploads\/2022\/04\/lathatatlan-iskola.jpg?resize=200%2C150&amp;ssl=1 200w\" sizes=\"auto, (max-width: 750px) 100vw, 750px\" data-attachment-id=\"2975\" data-permalink=\"https:\/\/bscdebrecen.com\/hu\/2022\/04\/26\/egyuttmukodes-a-lathatatlan-iskolaval-az-elso-tarsadalmi-felelossegvallalasi-projektunk-2022-ben\/lathatatlan-iskola\/\" data-orig-file=\"https:\/\/i0.wp.com\/bscdebrecen.com\/wp-content\/uploads\/2022\/04\/lathatatlan-iskola.jpg?fit=1280%2C720&amp;ssl=1\" data-orig-size=\"1280,720\" data-comments-opened=\"1\" data-image-meta=\"{&quot;aperture&quot;:&quot;0&quot;,&quot;credit&quot;:&quot;&quot;,&quot;camera&quot;:&quot;&quot;,&quot;caption&quot;:&quot;&quot;,&quot;created_timestamp&quot;:&quot;0&quot;,&quot;copyright&quot;:&quot;&quot;,&quot;focal_length&quot;:&quot;0&quot;,&quot;iso&quot;:&quot;0&quot;,&quot;shutter_speed&quot;:&quot;0&quot;,&quot;title&quot;:&quot;&quot;,&quot;orientation&quot;:&quot;0&quot;}\" data-image-title=\"l\u00e1thatatlan iskola\" data-image-description=\"\" data-image-caption=\"\" data-large-file=\"https:\/\/i0.wp.com\/bscdebrecen.com\/wp-content\/uploads\/2022\/04\/lathatatlan-iskola.jpg?fit=750%2C422&amp;ssl=1\" \/>\t\t\t\t\t\t\t\t\t\t\t\t<\/a>\n\t\t\t\t\n\t\t\t\t\t\t\t<\/figure><!-- .featured-image -->\n\t\t\n\t\t<div class=\"entry-wrapper\">\n\t\t\t\t\t\t<h2 class=\"entry-title\"><a href=\"https:\/\/bscdebrecen.com\/hu\/2022\/04\/26\/egyuttmukodes-a-lathatatlan-iskolaval-az-elso-tarsadalmi-felelossegvallalasi-projektunk-2022-ben\/\" rel=\"bookmark\">Egy\u00fcttm\u0171k\u00f6d\u00e9s a L\u00e1thatatlan Iskol\u00e1val &#8211; Az els\u0151 t\u00e1rsadalmi felel\u0151ss\u00e9gv\u00e1llal\u00e1si projekt\u00fcnk 2022-ben<\/a><\/h2>\t\t\t\t\t\t<p>A DBSC Kerekasztal \u00e9vek \u00f3ta hangs\u00falyt fektet a t\u00e1rsadalmi felel\u0151ss\u00e9gv\u00e1llal\u00e1s k\u00e9rd\u00e9s\u00e9re, C\u00e9geink id\u00e9n a h\u00e1tr\u00e1nyos helyzet\u0171 gyermekek t\u00e1mogat\u00e1s\u00e1t t\u0171zt\u00e9k ki c\u00e9lul, a L\u00e1thatatlan Iskola Alap\u00edtv\u00e1nnyal val\u00f3 egy\u00fcttm\u0171k\u00f6d\u00e9sben.<\/p>\n\t\t\t\t<div class=\"entry-meta\">\n\t\t\t\t\t<a href=\"https:\/\/bscdebrecen.com\/hu\/author\/debrecenbsc\/\"><img loading=\"lazy\" decoding=\"async\" alt=\"\" src=\"https:\/\/secure.gravatar.com\/avatar\/024817fdd9228b691ca0bf713b5c4d5e877311ce34ea67982ec941d3012c5407?s=48&amp;d=identicon&amp;r=g\" srcset=\"https:\/\/secure.gravatar.com\/avatar\/024817fdd9228b691ca0bf713b5c4d5e877311ce34ea67982ec941d3012c5407?s=96&amp;d=identicon&amp;r=g 2x\" class=\"avatar avatar-48 photo\" height=\"48\" width=\"48\" \/><\/a>\t\t\t\t\t\t<span class=\"byline\">\n\t\t\t\t\t\t\t<span class=\"author-prefix\">\u00e1ltal<\/span> <span class=\"author vcard\"><a class=\"url fn n\" href=\"https:\/\/bscdebrecen.com\/hu\/author\/debrecenbsc\/\">Business Service Centers Debrecen<\/a><\/span>\t\t\t\t\t\t<\/span><!-- .author-name -->\n\t\t\t\t\t\t<time class=\"entry-date published\" datetime=\"2022-04-26T09:57:33+01:00\">2022-04-26<\/time><time class=\"updated\" datetime=\"2022-04-26T09:57:35+01:00\">2022-04-26<\/time>\t\t\t\t<\/div><!-- .entry-meta -->\n\t\t\t\t\t\t\t\t<\/div><!-- .entry-wrapper -->\n\t<\/article>\n\n\t\t\t\t<\/div>\n\t\t\n\t<\/div>\n\t","protected":false},"excerpt":{"rendered":"","protected":false},"author":180967774,"featured_media":0,"parent":0,"menu_order":0,"comment_status":"closed","ping_status":"closed","template":"","meta":{"_coblocks_attr":"","_coblocks_dimensions":"","_coblocks_responsive_height":"","_coblocks_accordion_ie_support":"","_wpcom_ai_launchpad_about_page":false,"_wpcom_ai_launchpad_gallery_page":false,"_wpcom_ai_launchpad_contact_page":false,"_wpcom_ai_launchpad_events_page":false,"_wpcom_ai_launchpad_video_page":false,"_wpcom_ai_launchpad_portfolio_piece":false,"footnotes":""},"class_list":["post-3724","page","type-page","status-publish","hentry","entry"],"yoast_head":"<!-- This site is optimized with the Yoast SEO plugin v28.4 - https:\/\/yoast.com\/product\/yoast-seo-wordpress\/ -->\n<title>CSR &#8211; DEBRECEN BUSINESS SERVICE CENTERS<\/title>\n<meta name=\"robots\" content=\"index, follow, max-snippet:-1, max-image-preview:large, max-video-preview:-1\" \/>\n<link rel=\"canonical\" href=\"https:\/\/bscdebrecen.com\/hu\/csr\/\" \/>\n<meta property=\"og:locale\" content=\"hu_HU\" \/>\n<meta property=\"og:type\" content=\"article\" \/>\n<meta property=\"og:title\" content=\"CSR &#8211; DEBRECEN BUSINESS SERVICE CENTERS\" \/>\n<meta property=\"og:url\" content=\"https:\/\/bscdebrecen.com\/hu\/csr\/\" \/>\n<meta property=\"og:site_name\" content=\"DEBRECEN BUSINESS SERVICE CENTERS\" \/>\n<meta property=\"article:publisher\" content=\"https:\/\/www.facebook.com\/debrecenbsc\/\" \/>\n<meta property=\"article:modified_time\" content=\"2023-12-06T10:35:26+00:00\" \/>\n<meta name=\"twitter:card\" content=\"summary_large_image\" \/>\n<script type=\"application\/ld+json\" class=\"yoast-schema-graph\">{\"@context\":\"https:\\\/\\\/schema.org\",\"@graph\":[{\"@type\":\"WebPage\",\"@id\":\"https:\\\/\\\/bscdebrecen.com\\\/csr\\\/\",\"url\":\"https:\\\/\\\/bscdebrecen.com\\\/csr\\\/\",\"name\":\"CSR &#8211; DEBRECEN BUSINESS SERVICE CENTERS\",\"isPartOf\":{\"@id\":\"https:\\\/\\\/bscdebrecen.com\\\/#website\"},\"datePublished\":\"2023-08-24T13:47:08+00:00\",\"dateModified\":\"2023-12-06T10:35:26+00:00\",\"breadcrumb\":{\"@id\":\"https:\\\/\\\/bscdebrecen.com\\\/csr\\\/#breadcrumb\"},\"inLanguage\":\"hu\",\"potentialAction\":[{\"@type\":\"ReadAction\",\"target\":[\"https:\\\/\\\/bscdebrecen.com\\\/csr\\\/\"]}]},{\"@type\":\"BreadcrumbList\",\"@id\":\"https:\\\/\\\/bscdebrecen.com\\\/csr\\\/#breadcrumb\",\"itemListElement\":[{\"@type\":\"ListItem\",\"position\":1,\"name\":\"Home\",\"item\":\"https:\\\/\\\/bscdebrecen.com\\\/\"},{\"@type\":\"ListItem\",\"position\":2,\"name\":\"CSR\"}]},{\"@type\":\"WebSite\",\"@id\":\"https:\\\/\\\/bscdebrecen.com\\\/#website\",\"url\":\"https:\\\/\\\/bscdebrecen.com\\\/\",\"name\":\"DEBRECEN BUSINESS SERVICE CENTERS\",\"description\":\"Debrecen Business Service Centers Official Homepage\",\"publisher\":{\"@id\":\"https:\\\/\\\/bscdebrecen.com\\\/#organization\"},\"potentialAction\":[{\"@type\":\"SearchAction\",\"target\":{\"@type\":\"EntryPoint\",\"urlTemplate\":\"https:\\\/\\\/bscdebrecen.com\\\/?s={search_term_string}\"},\"query-input\":{\"@type\":\"PropertyValueSpecification\",\"valueRequired\":true,\"valueName\":\"search_term_string\"}}],\"inLanguage\":\"hu\"},{\"@type\":\"Organization\",\"@id\":\"https:\\\/\\\/bscdebrecen.com\\\/#organization\",\"name\":\"Debrecen Business Service Centers\",\"url\":\"https:\\\/\\\/bscdebrecen.com\\\/\",\"logo\":{\"@type\":\"ImageObject\",\"inLanguage\":\"hu\",\"@id\":\"https:\\\/\\\/bscdebrecen.com\\\/#\\\/schema\\\/logo\\\/image\\\/\",\"url\":\"https:\\\/\\\/i2.wp.com\\\/bscdebrecen.com\\\/wp-content\\\/uploads\\\/2020\\\/04\\\/dbsclogo.png?fit=1675%2C801&ssl=1\",\"contentUrl\":\"https:\\\/\\\/i2.wp.com\\\/bscdebrecen.com\\\/wp-content\\\/uploads\\\/2020\\\/04\\\/dbsclogo.png?fit=1675%2C801&ssl=1\",\"width\":1675,\"height\":801,\"caption\":\"Debrecen Business Service Centers\"},\"image\":{\"@id\":\"https:\\\/\\\/bscdebrecen.com\\\/#\\\/schema\\\/logo\\\/image\\\/\"},\"sameAs\":[\"https:\\\/\\\/www.facebook.com\\\/debrecenbsc\\\/\",\"https:\\\/\\\/www.linkedin.com\\\/company\\\/debrecenbsc\"]}]}<\/script>\n<!-- \/ Yoast SEO plugin. -->","yoast_head_json":{"title":"CSR &#8211; DEBRECEN BUSINESS SERVICE CENTERS","robots":{"index":"index","follow":"follow","max-snippet":"max-snippet:-1","max-image-preview":"max-image-preview:large","max-video-preview":"max-video-preview:-1"},"canonical":"https:\/\/bscdebrecen.com\/hu\/csr\/","og_locale":"hu_HU","og_type":"article","og_title":"CSR &#8211; DEBRECEN BUSINESS SERVICE CENTERS","og_url":"https:\/\/bscdebrecen.com\/hu\/csr\/","og_site_name":"DEBRECEN BUSINESS SERVICE CENTERS","article_publisher":"https:\/\/www.facebook.com\/debrecenbsc\/","article_modified_time":"2023-12-06T10:35:26+00:00","twitter_card":"summary_large_image","schema":{"@context":"https:\/\/schema.org","@graph":[{"@type":"WebPage","@id":"https:\/\/bscdebrecen.com\/csr\/","url":"https:\/\/bscdebrecen.com\/csr\/","name":"CSR &#8211; DEBRECEN BUSINESS SERVICE CENTERS","isPartOf":{"@id":"https:\/\/bscdebrecen.com\/#website"},"datePublished":"2023-08-24T13:47:08+00:00","dateModified":"2023-12-06T10:35:26+00:00","breadcrumb":{"@id":"https:\/\/bscdebrecen.com\/csr\/#breadcrumb"},"inLanguage":"hu","potentialAction":[{"@type":"ReadAction","target":["https:\/\/bscdebrecen.com\/csr\/"]}]},{"@type":"BreadcrumbList","@id":"https:\/\/bscdebrecen.com\/csr\/#breadcrumb","itemListElement":[{"@type":"ListItem","position":1,"name":"Home","item":"https:\/\/bscdebrecen.com\/"},{"@type":"ListItem","position":2,"name":"CSR"}]},{"@type":"WebSite","@id":"https:\/\/bscdebrecen.com\/#website","url":"https:\/\/bscdebrecen.com\/","name":"DEBRECEN BUSINESS SERVICE CENTERS","description":"Debrecen Business Service Centers Official Homepage","publisher":{"@id":"https:\/\/bscdebrecen.com\/#organization"},"potentialAction":[{"@type":"SearchAction","target":{"@type":"EntryPoint","urlTemplate":"https:\/\/bscdebrecen.com\/?s={search_term_string}"},"query-input":{"@type":"PropertyValueSpecification","valueRequired":true,"valueName":"search_term_string"}}],"inLanguage":"hu"},{"@type":"Organization","@id":"https:\/\/bscdebrecen.com\/#organization","name":"Debrecen Business Service Centers","url":"https:\/\/bscdebrecen.com\/","logo":{"@type":"ImageObject","inLanguage":"hu","@id":"https:\/\/bscdebrecen.com\/#\/schema\/logo\/image\/","url":"https:\/\/i2.wp.com\/bscdebrecen.com\/wp-content\/uploads\/2020\/04\/dbsclogo.png?fit=1675%2C801&ssl=1","contentUrl":"https:\/\/i2.wp.com\/bscdebrecen.com\/wp-content\/uploads\/2020\/04\/dbsclogo.png?fit=1675%2C801&ssl=1","width":1675,"height":801,"caption":"Debrecen Business Service Centers"},"image":{"@id":"https:\/\/bscdebrecen.com\/#\/schema\/logo\/image\/"},"sameAs":["https:\/\/www.facebook.com\/debrecenbsc\/","https:\/\/www.linkedin.com\/company\/debrecenbsc"]}]}},"jetpack_likes_enabled":false,"jetpack_sharing_enabled":true,"jetpack_shortlink":"https:\/\/wp.me\/PbikbL-Y4","amp_enabled":true,"_links":{"self":[{"href":"https:\/\/bscdebrecen.com\/hu\/wp-json\/wp\/v2\/pages\/3724","targetHints":{"allow":["GET"]}}],"collection":[{"href":"https:\/\/bscdebrecen.com\/hu\/wp-json\/wp\/v2\/pages"}],"about":[{"href":"https:\/\/bscdebrecen.com\/hu\/wp-json\/wp\/v2\/types\/page"}],"author":[{"embeddable":true,"href":"https:\/\/bscdebrecen.com\/hu\/wp-json\/wp\/v2\/users\/180967774"}],"replies":[{"embeddable":true,"href":"https:\/\/bscdebrecen.com\/hu\/wp-json\/wp\/v2\/comments?post=3724"}],"version-history":[{"count":8,"href":"https:\/\/bscdebrecen.com\/hu\/wp-json\/wp\/v2\/pages\/3724\/revisions"}],"predecessor-version":[{"id":4107,"href":"https:\/\/bscdebrecen.com\/hu\/wp-json\/wp\/v2\/pages\/3724\/revisions\/4107"}],"wp:attachment":[{"href":"https:\/\/bscdebrecen.com\/hu\/wp-json\/wp\/v2\/media?parent=3724"}],"curies":[{"name":"wp","href":"https:\/\/api.w.org\/{rel}","templated":true}]}}